{"id":199,"date":"2019-01-15T16:42:47","date_gmt":"2019-01-15T14:42:47","guid":{"rendered":"http:\/\/firaocupacio.icab.cat\/edicio-2016\/"},"modified":"2019-01-30T11:19:04","modified_gmt":"2019-01-30T09:19:04","slug":"edicio-2016","status":"publish","type":"page","link":"https:\/\/firaocupacio.icab.cat\/es\/edicio-2016\/","title":{"rendered":"EDICI\u00d3N 2016"},"content":{"rendered":"<p><img loading=\"lazy\" class=\"alignnone size-full wp-image-194\" src=\"http:\/\/firaocupacio.icab.cat\/wp-content\/uploads\/2019\/01\/CollageFiraOcupacio2016.jpg\" alt=\"\" width=\"1200\" height=\"396\" srcset=\"https:\/\/firaocupacio.icab.cat\/wp-content\/uploads\/2019\/01\/CollageFiraOcupacio2016.jpg 1200w, https:\/\/firaocupacio.icab.cat\/wp-content\/uploads\/2019\/01\/CollageFiraOcupacio2016-300x99.jpg 300w, https:\/\/firaocupacio.icab.cat\/wp-content\/uploads\/2019\/01\/CollageFiraOcupacio2016-768x253.jpg 768w, https:\/\/firaocupacio.icab.cat\/wp-content\/uploads\/2019\/01\/CollageFiraOcupacio2016-1024x338.jpg 1024w\" sizes=\"(max-width: 1200px) 100vw, 1200px\" \/><\/p>\n<p><strong><a href=\"http:\/\/firaocupacio.icab.cat\/wp-content\/uploads\/2019\/01\/RecullFiraOcupacio2016.pdf\">[Dossier de Prensa Feria Empleo ICAB 2016]<\/a><\/strong><\/p>\n<p>En el a\u00f1o 2016 con motivo de la celebraci\u00f3n del 50.\u00ba aniversario de la Escuela de Pr\u00e1ctica Jur\u00eddica (EPJ), se organiz\u00f3 la primera Feria de Empleo, para facilitar un punto de encuentro entre potenciales candidatos y candidatas y los despachos profesionales.<\/p>\n<p>El Centro de Formaci\u00f3n fue el escenario donde se reunieron estudiantes y profesionales de la abogac\u00eda con despachos de abogados y abogadas y entidades con el objetivo de ayudar a la incorporaci\u00f3n al mundo laboral de los j\u00f3venes graduados y graduadas en derecho pero tambi\u00e9n para ofrecer nuevas oportunidades a los abogados y abogadas, especialmente a aquellos que a ra\u00edz de la crisis econ\u00f3mica tuvieron que \u201creinventar\u201d su futuro. En esta primera Feria participaron:<\/p>\n<ul>\n<li><strong>Baker\u00a0&amp;\u00a0Mckenzie\u00a0Barcelona<\/strong><\/li>\n<li><strong>Bufete\u00a0P\u00e9rez-Pozo<\/strong><\/li>\n<li><strong>Carta\u00f1\u00e0\u00a0abogados<\/strong><\/li>\n<li><strong>Cuatrecasas, Gon\u00e7alves Pereira<\/strong><\/li>\n<li><strong>DASS\u00a0Abogados\u00a0&amp;\u00a0Rechtsanw\u00e4lte<\/strong><\/li>\n<li><strong>Deloitte\u00a0<\/strong><\/li>\n<li><strong>Garrigues\u00a0<\/strong><\/li>\n<li><strong>Iterlegis<\/strong><\/li>\n<li><strong>Lexbcn\u00a0abogados<\/strong><\/li>\n<li><strong>Manubens\u00a0abogados,<\/strong><\/li>\n<li><strong>P\u00e9rez-Llorca<\/strong><\/li>\n<li><strong>Ramon\u00a0y\u00a0Cajal\u00a0Abogados\u00a0<\/strong><\/li>\n<li><strong>Randstad<\/strong><\/li>\n<li><strong>Roca\u00a0Junyent<\/strong><\/li>\n<li><strong>Rousaud\u00a0Costas Duran,\u00a0SLP\u00a0<\/strong><\/li>\n<li><strong>Ur\u00eda Men\u00e9ndez\u00a0<\/strong><\/li>\n<li><strong>MATCH\u00a0Tailored\u00a0Headhunting\u00a0Services\u00a0<\/strong><\/li>\n<li><strong>Torres &amp;\u00a0Mayoral<\/strong><\/li>\n<\/ul>\n<p>La Feria de Empleo cont\u00f3 con espacios din\u00e1micos y pr\u00e1cticos donde los asistentes pudieron entrevistarse con responsables de selecci\u00f3n de despachos profesionales y asesor\u00edas jur\u00eddicas de empresas, entregar el curr\u00edculum y presentarlo a las ofertas de trabajo, acceder a la plataforma de ofertas laborales del Colegio de la Abogac\u00eda de Barcelona, aprender a mejorar su perfil de\u00a0LinkedIn, y tambi\u00e9n conocer el servicio de emprendimiento que ofrece informaci\u00f3n, asesoramiento y apoyo en la creaci\u00f3n de su propio negocio, as\u00ed como herramientas e instrumentos \u00fatiles para estudiar la viabilidad del proyecto.<\/p>\n<p>Los estudiantes de los \u00faltimos cursos del grado de derecho tambi\u00e9n pudieron conocer las ventajas de ser \u201cAsociados\u201d del\u00a0ICAB\u00a0y darse de alta, de manera gratuita durante un a\u00f1o, formalizando la inscripci\u00f3n durante la Feria. Participaron en el acontecimiento m\u00e1s de 500 personas.<\/p>\n<p>Tambi\u00e9n se instalaron dos\u00a0photocalls\u00a0y los asistentes publicaron fotos de la Feria en Instagram.<\/p>\n","protected":false},"excerpt":{"rendered":"<p>[Dossier de Prensa Feria Empleo ICAB 2016] En el a\u00f1o 2016 con motivo de la celebraci\u00f3n del 50.\u00ba aniversario de la Escuela de Pr\u00e1ctica Jur\u00eddica (EPJ), se organiz\u00f3 la primera Feria de Empleo, para facilitar un punto de encuentro entre potenciales candidatos y candidatas y los despachos profesionales. El Centro de Formaci\u00f3n fue el escenario &#8230; <a title=\"EDICI\u00d3N 2016\" class=\"read-more\" href=\"https:\/\/firaocupacio.icab.cat\/es\/edicio-2016\/\" aria-label=\"Leer m\u00e1s sobre EDICI\u00d3N 2016\">Read more<\/a><\/p>\n","protected":false},"author":2,"featured_media":0,"parent":0,"menu_order":0,"comment_status":"closed","ping_status":"closed","template":"","meta":[],"_links":{"self":[{"href":"https:\/\/firaocupacio.icab.cat\/es\/wp-json\/wp\/v2\/pages\/199"}],"collection":[{"href":"https:\/\/firaocupacio.icab.cat\/es\/wp-json\/wp\/v2\/pages"}],"about":[{"href":"https:\/\/firaocupacio.icab.cat\/es\/wp-json\/wp\/v2\/types\/page"}],"author":[{"embeddable":true,"href":"https:\/\/firaocupacio.icab.cat\/es\/wp-json\/wp\/v2\/users\/2"}],"replies":[{"embeddable":true,"href":"https:\/\/firaocupacio.icab.cat\/es\/wp-json\/wp\/v2\/comments?post=199"}],"version-history":[{"count":4,"href":"https:\/\/firaocupacio.icab.cat\/es\/wp-json\/wp\/v2\/pages\/199\/revisions"}],"predecessor-version":[{"id":268,"href":"https:\/\/firaocupacio.icab.cat\/es\/wp-json\/wp\/v2\/pages\/199\/revisions\/268"}],"wp:attachment":[{"href":"https:\/\/firaocupacio.icab.cat\/es\/wp-json\/wp\/v2\/media?parent=199"}],"curies":[{"name":"wp","href":"https:\/\/api.w.org\/{rel}","templated":true}]}}