{"id":285,"date":"2019-01-15T16:41:00","date_gmt":"2019-01-15T14:41:00","guid":{"rendered":"http:\/\/firaocupacio.icab.cat\/edicio-2018\/"},"modified":"2019-02-22T15:22:23","modified_gmt":"2019-02-22T13:22:23","slug":"edicio-2018","status":"publish","type":"page","link":"https:\/\/firaocupacio.icab.cat\/es\/edicio-2018\/","title":{"rendered":"EDICI\u00d3N 2018"},"content":{"rendered":"<p><strong><a href=\"http:\/\/firaocupacio.icab.cat\/wp-content\/uploads\/2019\/01\/RecullFiraOcupacio2018.pdf\">[Dossier Feria Empleo ICAB 2018]<\/a><\/strong><\/p>\n<p><strong><a href=\"https:\/\/vimeo.com\/265722070\" target=\"_blank\" rel=\"noopener\">[V\u00cdDEO EDICI\u00d3N 2018]<\/a><br \/>\n<a href=\"http:\/\/firaocupacio.icab.cat\/wp-content\/uploads\/2019\/01\/RecullFiraOcupacio2018.pdf\"><img loading=\"lazy\" class=\"wp-image-278 size-large alignright\" src=\"http:\/\/firaocupacio.icab.cat\/wp-content\/uploads\/2019\/01\/Collage2018-450x1024.jpg\" alt=\"\" width=\"450\" height=\"1024\" srcset=\"https:\/\/firaocupacio.icab.cat\/wp-content\/uploads\/2019\/01\/Collage2018-450x1024.jpg 450w, https:\/\/firaocupacio.icab.cat\/wp-content\/uploads\/2019\/01\/Collage2018-132x300.jpg 132w, https:\/\/firaocupacio.icab.cat\/wp-content\/uploads\/2019\/01\/Collage2018.jpg 527w\" sizes=\"(max-width: 450px) 100vw, 450px\" \/><\/a><\/strong><\/p>\n<p>Por tercer a\u00f1o consecutivo, el ICAB organiza la Feria de Empleo y se convierte en el referente en creaci\u00f3n de ocupaci\u00f3n y en punto de encuentro para los profesionales del Derecho que buscan el primer trabajo o un cambio profesional, as\u00ed como de los despachos y empresas que buscan candidatos y candidatas para sus vacantes de la rama jur\u00eddica.<\/p>\n<p>Alrededor de 500 personas pasaron a lo largo de toda la jornada por la Feria, donde se entrevistaron con los responsables de selecci\u00f3n de despachos profesionales u otras entidades, entregar sus curr\u00edculums y, tambi\u00e9n, conocer la Bolsa de Trabajo en l\u00ednea y otros servicios de Emprendimiento que ofrece el Servicio de Ocupaci\u00f3n y Orientaci\u00f3n Profesional (SOOP)del Colegio.<\/p>\n<p>En esta edici\u00f3n se increment\u00f3 notablemente la participaci\u00f3n de despachos y empresas (peque\u00f1os, medianos, grandes, sector legal, consultoras, fundaciones&#8230;) que asistieron a la Feria con estand propio, como:<\/p>\n<ul>\n<li><strong>Arag<\/strong><\/li>\n<li><strong>Augusta Abogados<\/strong><\/li>\n<li><strong>Bufete Barrilero y Asociados<\/strong><\/li>\n<li><strong>CaixaBank<\/strong><\/li>\n<li><strong>C\u00edrculo Legal<\/strong><\/li>\n<li><strong>Cuatrecasas<\/strong><\/li>\n<li><strong>Dauss Abogados &amp; Rechtsanwaelte<\/strong><\/li>\n<li><strong>Deloitte<\/strong><\/li>\n<li><strong>Dig Abogados<\/strong><\/li>\n<li><strong>DS Ovslaw Estudio Legal<\/strong><\/li>\n<li><strong>Roca &amp; Asociados<\/strong><\/li>\n<li><strong>Garrigues<\/strong><\/li>\n<li><strong>Grant Thornton Asesores<\/strong><\/li>\n<li><strong>Hays Recruiting Expertos Worldwide,<\/strong><\/li>\n<li><strong>Inserta<\/strong><\/li>\n<li><strong>Iterlegis<\/strong><\/li>\n<li><strong>Milcontratos<\/strong><\/li>\n<li><strong>Monereo Meyer Marinel\u00b7lo<\/strong><\/li>\n<li><strong>Nationale-Nederlanden<\/strong><\/li>\n<li><strong>Net Craman Abogados<\/strong><\/li>\n<li><strong>Pacta Legal<\/strong><\/li>\n<li><strong>Page Personnel<\/strong><\/li>\n<li><strong>P\u00e9rez Llorca<\/strong><\/li>\n<li><strong>Peritos Judiciales Barcelona<\/strong><\/li>\n<li><strong>PwC<\/strong><\/li>\n<li><strong>Pymelegal<\/strong><\/li>\n<li><strong>Roca Junyent<\/strong><\/li>\n<li><strong>Rousaud Costas Duran<\/strong><\/li>\n<li><strong>Ur\u00eda Men\u00e9ndez<\/strong><\/li>\n<li><strong>Wallner Group<\/strong><\/li>\n<\/ul>\n<p>En paralelo, en el Patio de Columnas, los participantes pudieron asistir a los diferentes talleres innovadores sobre Marketing Digital, e-Commerce, Legaltech, Innovaci\u00f3n o Coaching programados con el objetivo de aportar conocimientos pr\u00e1cticos sobre las principales y m\u00e1s novedosas tendencias del sector legal.<\/p>\n<p>C\u00f3mo en las ediciones anteriores, los estudiantes de los \u00faltimos cursos del grado de derecho tambi\u00e9n pudieron conocer las ventajas de ser \u201cAsociados\u201d del ICAB y obtener el carnet, de manera gratuita durante un a\u00f1o, formalizando la inscripci\u00f3n durante la Feria.<\/p>\n","protected":false},"excerpt":{"rendered":"<p>[Dossier Feria Empleo ICAB 2018] [V\u00cdDEO EDICI\u00d3N 2018] Por tercer a\u00f1o consecutivo, el ICAB organiza la Feria de Empleo y se convierte en el referente en creaci\u00f3n de ocupaci\u00f3n y en punto de encuentro para los profesionales del Derecho que buscan el primer trabajo o un cambio profesional, as\u00ed como de los despachos y empresas &#8230; <a title=\"EDICI\u00d3N 2018\" class=\"read-more\" href=\"https:\/\/firaocupacio.icab.cat\/es\/edicio-2018\/\" aria-label=\"Leer m\u00e1s sobre EDICI\u00d3N 2018\">Read more<\/a><\/p>\n","protected":false},"author":2,"featured_media":0,"parent":0,"menu_order":0,"comment_status":"closed","ping_status":"closed","template":"","meta":[],"_links":{"self":[{"href":"https:\/\/firaocupacio.icab.cat\/es\/wp-json\/wp\/v2\/pages\/285"}],"collection":[{"href":"https:\/\/firaocupacio.icab.cat\/es\/wp-json\/wp\/v2\/pages"}],"about":[{"href":"https:\/\/firaocupacio.icab.cat\/es\/wp-json\/wp\/v2\/types\/page"}],"author":[{"embeddable":true,"href":"https:\/\/firaocupacio.icab.cat\/es\/wp-json\/wp\/v2\/users\/2"}],"replies":[{"embeddable":true,"href":"https:\/\/firaocupacio.icab.cat\/es\/wp-json\/wp\/v2\/comments?post=285"}],"version-history":[{"count":6,"href":"https:\/\/firaocupacio.icab.cat\/es\/wp-json\/wp\/v2\/pages\/285\/revisions"}],"predecessor-version":[{"id":553,"href":"https:\/\/firaocupacio.icab.cat\/es\/wp-json\/wp\/v2\/pages\/285\/revisions\/553"}],"wp:attachment":[{"href":"https:\/\/firaocupacio.icab.cat\/es\/wp-json\/wp\/v2\/media?parent=285"}],"curies":[{"name":"wp","href":"https:\/\/api.w.org\/{rel}","templated":true}]}}